{"id":16,"date":"2019-06-17T07:29:05","date_gmt":"2019-06-17T07:29:05","guid":{"rendered":"https:\/\/air-pollution.health\/fr\/?page_id=16"},"modified":"2019-08-07T13:26:47","modified_gmt":"2019-08-07T13:26:47","slug":"call-to-action","status":"publish","type":"page","link":"https:\/\/air-pollution.health\/fr\/home\/call-to-action\/","title":{"rendered":"Appel \u00e0 l\u2019action"},"content":{"rendered":"<h3>Appel \u00e0 l\u2019action<\/h3>\n<p>Les cinq Acad\u00e9mies nationales des sciences et de m\u00e9decine d\u2019Afrique du Sud, du Br\u00e9sil, d\u2019Allemagne et des \u00c9tats-Unis lancent un appel aux chefs d\u2019Etat et de gouvernement, aux entreprises et aux citoyens pour r\u00e9duire la pollution de l\u2019air dans tous les pays. Cet appel s\u2019appuie sur des preuves scientifiques sans \u00e9quivoque concernant les effets de la pollution de l\u2019air sur la sant\u00e9.<\/p>\n<p>De nombreux accords, r\u00e9solutions, conventions et initiatives s\u2019attaquent d\u00e9j\u00e0 \u00e0 certains aspects de la pollution de l\u2019air, notamment le Protocole de Montr\u00e9al, la Convention sur la pollution atmosph\u00e9rique transfronti\u00e8re \u00e0 longue distance de la Commission \u00e9conomique des Nations Unies pour l\u2019Europe, la Convention-cadre de l\u2019OMS pour la lutte antitabac et la r\u00e9solution de l\u2019Assembl\u00e9e mondiale de la sant\u00e9 sur les incidences sanitaires de la pollution de l\u2019air.<\/p>\n<p>Par cons\u00e9quent, les Acad\u00e9mies proposent<strong> l\u2019adoption d\u2019un pacte mondial sur la pollution de l\u2019air<\/strong>. Ce pacte garantirait un engagement durable au plus haut niveau et ferait du contr\u00f4le et de la r\u00e9duction de la pollution de l\u2019air une priorit\u00e9 pour tous. Il encouragerait \u00e9galement les d\u00e9cideurs et autres partenaires cl\u00e9s, y compris le secteur priv\u00e9, \u00e0 int\u00e9grer le contr\u00f4le et la r\u00e9duction des \u00e9missions dans la planification nationale et locale, les processus de d\u00e9veloppement et les strat\u00e9gies commerciales et financi\u00e8res. Pour qu\u2019un tel processus soit couronn\u00e9 de succ\u00e8s, un<strong> leadership politique et des partenariats<\/strong> sont n\u00e9cessaires, y compris une collaboration avec les structures multinationales existantes.<\/p>\n<p>Les Acad\u00e9mies reconnaissent qu\u2019il n\u2019existe aucune solution parfaite pour toutes les situations et dans tous les pays. N\u00e9anmoins, une action urgente s\u2019impose dans les domaines suivants\u00a0:<\/p>\n<p>Il existe de <strong>nombreuses solutions politiques et technologiques pour r\u00e9duire les produits nocifs de la combustion<\/strong>. Pour les sources fixes, cela comprend la mise en \u0153uvre de contr\u00f4les des \u00e9missions pour l\u2019industrie et les centrales \u00e9lectriques ou la transition \u00e0 des combustibles propres. Pour les m\u00e9nages, cela comprend l\u2019acc\u00e8s \u00e0 des combustibles domestiques propres. La combustion contr\u00f4l\u00e9e de la biomasse n\u00e9cessite l\u2019application de r\u00e8gles visant \u00e0 \u00e9liminer le br\u00fblage des d\u00e9chets et de nouvelles techniques agricoles pour r\u00e9duire le br\u00fblage des r\u00e9sidus des r\u00e9coltes. Pour les sources mobiles, il s\u2019agit notamment de promouvoir et d\u2019investir dans des transports de masse et des infrastructures urbaines durables.<\/p>\n<p><strong>Des politiques et des technologies efficaces doivent \u00eatre partag\u00e9es<\/strong>. Le cas \u00e9ch\u00e9ant, ces strat\u00e9gies doivent \u00eatre mises en \u0153uvre d\u2019urgence dans les pays du monde \u00e0 tous les niveaux du d\u00e9veloppement \u00e9conomique. Certaines solutions font l\u2019objet d\u2019un large consensus. L\u00e0 o\u00f9 ce consensus fait d\u00e9faut ou l\u00e0 o\u00f9 le choix des politiques d\u00e9pend dans une large mesure du contexte (\u00e9tant donn\u00e9 l\u2019h\u00e9t\u00e9rog\u00e9n\u00e9it\u00e9 des syst\u00e8mes juridiques, de la g\u00e9ographie, du stade de d\u00e9veloppement \u00e9conomique et des sources de pollution), les politiques doivent \u00eatre adapt\u00e9es, m\u00eame si des actions transnationales s\u2019imposent dans de nombreuses r\u00e9gions du monde.<\/p>\n<p>Il est n\u00e9cessaire de <strong>s\u2019inspirer des r\u00e9ussites en mati\u00e8re de lutte contre la pollution de l\u2019air<\/strong> dans les villes et les pays, d\u2019en tirer des le\u00e7ons et de les partager avec les pays qui commencent \u00e0 s\u2019attaquer \u00e0 ce probl\u00e8me.<\/p>\n<p>L\u2019exposition de la population est directement li\u00e9e \u00e0 la densit\u00e9 de population, \u00e0 la concentration de polluants et \u00e0 la dur\u00e9e de l\u2019exposition. <strong>En optimisant les co\u00fbts et l\u2019efficacit\u00e9 des mesures prises<\/strong> pour am\u00e9liorer la qualit\u00e9 de l\u2019air, la priorit\u00e9 devrait \u00eatre accord\u00e9e aux sources de pollution o\u00f9 l\u2019exposition de la population peut \u00eatre r\u00e9duite de mani\u00e8re \u00e9conomique et \u00e0 la r\u00e9duction de l\u2019exposition des groupes sociaux les plus d\u00e9favoris\u00e9s, tout en reconnaissant la possibilit\u00e9 d\u2019une incompatibilit\u00e9 de ces deux param\u00e8tres.<\/p>\n<p><strong>La n\u00e9cessit\u00e9 d\u2019une surveillance efficace des indicateurs cl\u00e9s de la pollution<\/strong>, en particulier des concentrations de PM2.5 et de l\u2019exposition de la population, s\u2019impose dans tous les pays. Il est \u00e9galement n\u00e9cessaire de proc\u00e9der \u00e0 des analyses statistiques de suivi pour l\u2019\u00e9valuation du succ\u00e8s des mesures strat\u00e9giques.<\/p>\n<p><strong>Il convient d\u2019identifier les b\u00e9n\u00e9fices accessoires des diff\u00e9rents instruments politiques<\/strong>. La priorit\u00e9 devrait \u00eatre accord\u00e9e aux politiques qui maximisent les synergies entre les multiples objectifs de d\u00e9veloppement, notamment l\u2019att\u00e9nuation du changement climatique et la s\u00e9curit\u00e9 alimentaire. L\u2019am\u00e9lioration de l\u2019efficacit\u00e9 \u00e9nerg\u00e9tique permet de r\u00e9duire \u00e0 la fois les \u00e9missions de CO\u2082 et les produits nocifs de la combustion, tout comme de nombreuses autres strat\u00e9gies visant \u00e0 att\u00e9nuer le changement climatique, telles qu\u2019une utilisation accrue des \u00e9nergies renouvelables et l\u2019\u00e9lectrification des transports.<\/p>\n<p><strong>Des efforts doivent \u00eatre d\u00e9ploy\u00e9s pour \u00e9laborer des strat\u00e9gies de mise en \u0153uvre des diff\u00e9rentes solutions<\/strong>. Ces strat\u00e9gies peuvent comprendre le renforcement des capacit\u00e9s institutionnelles, l\u2019am\u00e9lioration de la gouvernance et la promotion de m\u00e9canismes de collaboration et d\u2019application entre les organismes.<\/p>\n<p><strong>L\u2019utilisation des outils d\u2019\u00e9valuation des risques et d\u2019analyse d\u2019efficacit\u00e9 \u00e9conomique<\/strong> permettra une bonne d\u00e9finition des politiques et des objectifs. Les politiques de lutte contre la pollution de l\u2019air devraient \u00eatre con\u00e7ues de mani\u00e8re \u00e0 r\u00e9duire l\u2019exposition de mani\u00e8re \u00e9conomique. Id\u00e9alement, elles devraient \u00e9galement apporter des b\u00e9n\u00e9fices dans d\u2019autres domaines, comme le climat, ou dans d\u2019autres secteurs, comme l\u2019agriculture. Les pollueurs pourraient \u00eatre incit\u00e9s \u00e0 trouver les moyens les plus \u00e9conomiques de r\u00e9duire la pollution et donc l\u2019exposition.<\/p>\n<p>Cet appel \u00e0 l\u2019action exige<strong> la mobilisation de fonds et des investissements substantiels<\/strong> dans les possibilit\u00e9s de r\u00e9duction de la pollution de l\u2019air. Un financement accru est \u00e9galement n\u00e9cessaire pour la recherche, le contr\u00f4le de la pollution, les infrastructures, la gestion et le contr\u00f4le et l\u2019interaction avec les parties prenantes.<\/p>\n<p>Finalement, il faut plaider <strong>en faveur d\u2019une action<\/strong> o\u00f9 les citoyens sont inform\u00e9s et incit\u00e9s \u00e0 r\u00e9duire leur empreinte en mati\u00e8re de pollution de l\u2019air, et d\u2019engagements audacieux de la part des secteurs public et priv\u00e9.<\/p>\n","protected":false},"excerpt":{"rendered":"<p>Appel \u00e0 l\u2019action Les cinq Acad\u00e9mies nationales des sciences et de m\u00e9decine d\u2019Afrique du Sud, du Br\u00e9sil, d\u2019Allemagne et des \u00c9tats-Unis lancent un appel aux chefs d\u2019Etat et de gouvernement, aux entreprises et aux citoyens pour r\u00e9duire la pollution de l\u2019air dans tous les pays. Cet appel s\u2019appuie sur des preuves scientifiques sans \u00e9quivoque concernant [&hellip;]<\/p>\n","protected":false},"author":1,"featured_media":0,"parent":5,"menu_order":1,"comment_status":"closed","ping_status":"closed","template":"","meta":[],"acf":[],"_links":{"self":[{"href":"https:\/\/air-pollution.health\/fr\/wp-json\/wp\/v2\/pages\/16"}],"collection":[{"href":"https:\/\/air-pollution.health\/fr\/wp-json\/wp\/v2\/pages"}],"about":[{"href":"https:\/\/air-pollution.health\/fr\/wp-json\/wp\/v2\/types\/page"}],"author":[{"embeddable":true,"href":"https:\/\/air-pollution.health\/fr\/wp-json\/wp\/v2\/users\/1"}],"replies":[{"embeddable":true,"href":"https:\/\/air-pollution.health\/fr\/wp-json\/wp\/v2\/comments?post=16"}],"version-history":[{"count":4,"href":"https:\/\/air-pollution.health\/fr\/wp-json\/wp\/v2\/pages\/16\/revisions"}],"predecessor-version":[{"id":78,"href":"https:\/\/air-pollution.health\/fr\/wp-json\/wp\/v2\/pages\/16\/revisions\/78"}],"up":[{"embeddable":true,"href":"https:\/\/air-pollution.health\/fr\/wp-json\/wp\/v2\/pages\/5"}],"wp:attachment":[{"href":"https:\/\/air-pollution.health\/fr\/wp-json\/wp\/v2\/media?parent=16"}],"curies":[{"name":"wp","href":"https:\/\/api.w.org\/{rel}","templated":true}]}}